{"id":159,"date":"2023-09-09T00:44:23","date_gmt":"2023-09-08T22:44:23","guid":{"rendered":"https:\/\/www.feurio-vimbi.de\/?page_id=159"},"modified":"2024-01-03T09:11:22","modified_gmt":"2024-01-03T08:11:22","slug":"ueber-uns","status":"publish","type":"page","link":"https:\/\/www.feurio-vimbi.de\/?page_id=159","title":{"rendered":"\u00dcBER UNS"},"content":{"rendered":"\t\t<div data-elementor-type=\"wp-page\" data-elementor-id=\"159\" class=\"elementor elementor-159\">\n\t\t\t\t\t\t<section class=\"elementor-section elementor-top-section elementor-element elementor-element-bdb25ed elementor-section-boxed elementor-section-height-default elementor-section-height-default\" data-id=\"bdb25ed\" data-element_type=\"section\">\n\t\t\t\t\t\t<div class=\"elementor-container elementor-column-gap-default\">\n\t\t\t\t\t<div class=\"elementor-column elementor-col-100 elementor-top-column elementor-element elementor-element-bd8fe51\" data-id=\"bd8fe51\" data-element_type=\"column\">\n\t\t\t<div class=\"elementor-widget-wrap elementor-element-populated\">\n\t\t\t\t\t\t<div class=\"elementor-element elementor-element-a876ddc elementor-widget elementor-widget-spacer\" data-id=\"a876ddc\" data-element_type=\"widget\" data-widget_type=\"spacer.default\">\n\t\t\t\t<div class=\"elementor-widget-container\">\n\t\t\t\t\t\t\t<div class=\"elementor-spacer\">\n\t\t\t<div class=\"elementor-spacer-inner\"><\/div>\n\t\t<\/div>\n\t\t\t\t\t\t<\/div>\n\t\t\t\t<\/div>\n\t\t\t\t\t<\/div>\n\t\t<\/div>\n\t\t\t\t\t<\/div>\n\t\t<\/section>\n\t\t\t\t<section class=\"elementor-section elementor-top-section elementor-element elementor-element-0267822 elementor-section-boxed elementor-section-height-default elementor-section-height-default\" data-id=\"0267822\" data-element_type=\"section\">\n\t\t\t\t\t\t<div class=\"elementor-container elementor-column-gap-default\">\n\t\t\t\t\t<div class=\"elementor-column elementor-col-100 elementor-top-column elementor-element elementor-element-fe25b14\" data-id=\"fe25b14\" data-element_type=\"column\">\n\t\t\t<div class=\"elementor-widget-wrap elementor-element-populated\">\n\t\t\t\t\t\t<div class=\"elementor-element elementor-element-0014e1a elementor-widget elementor-widget-heading\" data-id=\"0014e1a\" data-element_type=\"widget\" data-widget_type=\"heading.default\">\n\t\t\t\t<div class=\"elementor-widget-container\">\n\t\t\t\t\t<h2 class=\"elementor-heading-title elementor-size-default\">\u00dcBER DEN VEREIN<\/h2>\t\t\t\t<\/div>\n\t\t\t\t<\/div>\n\t\t\t\t\t<\/div>\n\t\t<\/div>\n\t\t\t\t\t<\/div>\n\t\t<\/section>\n\t\t\t\t<section class=\"elementor-section elementor-top-section elementor-element elementor-element-4d542f5 elementor-section-boxed elementor-section-height-default elementor-section-height-default\" data-id=\"4d542f5\" data-element_type=\"section\">\n\t\t\t\t\t\t<div class=\"elementor-container elementor-column-gap-default\">\n\t\t\t\t\t<div class=\"elementor-column elementor-col-50 elementor-top-column elementor-element elementor-element-1bd8973\" data-id=\"1bd8973\" data-element_type=\"column\">\n\t\t\t<div class=\"elementor-widget-wrap elementor-element-populated\">\n\t\t\t\t\t\t<div class=\"elementor-element elementor-element-06c03f6 elementor-widget elementor-widget-image\" data-id=\"06c03f6\" data-element_type=\"widget\" data-widget_type=\"image.default\">\n\t\t\t\t<div class=\"elementor-widget-container\">\n\t\t\t\t\t\t\t\t\t\t\t\t\t\t\t<img decoding=\"async\" width=\"115\" height=\"300\" src=\"https:\/\/www.feurio-vimbi.de\/wp-content\/uploads\/2023\/11\/Dorfbott23-1-115x300.png\" class=\"attachment-medium size-medium wp-image-1001\" alt=\"\" srcset=\"https:\/\/www.feurio-vimbi.de\/wp-content\/uploads\/2023\/11\/Dorfbott23-1-115x300.png 115w, https:\/\/www.feurio-vimbi.de\/wp-content\/uploads\/2023\/11\/Dorfbott23-1-392x1024.png 392w, https:\/\/www.feurio-vimbi.de\/wp-content\/uploads\/2023\/11\/Dorfbott23-1-768x2008.png 768w, https:\/\/www.feurio-vimbi.de\/wp-content\/uploads\/2023\/11\/Dorfbott23-1-587x1536.png 587w, https:\/\/www.feurio-vimbi.de\/wp-content\/uploads\/2023\/11\/Dorfbott23-1-783x2048.png 783w, https:\/\/www.feurio-vimbi.de\/wp-content\/uploads\/2023\/11\/Dorfbott23-1.png 1285w\" sizes=\"(max-width: 115px) 100vw, 115px\" \/>\t\t\t\t\t\t\t\t\t\t\t\t\t\t\t<\/div>\n\t\t\t\t<\/div>\n\t\t\t\t\t<\/div>\n\t\t<\/div>\n\t\t\t\t<div class=\"elementor-column elementor-col-50 elementor-top-column elementor-element elementor-element-5398cff\" data-id=\"5398cff\" data-element_type=\"column\">\n\t\t\t<div class=\"elementor-widget-wrap elementor-element-populated\">\n\t\t\t\t\t\t<div class=\"elementor-element elementor-element-a72265b elementor-widget elementor-widget-text-editor\" data-id=\"a72265b\" data-element_type=\"widget\" data-widget_type=\"text-editor.default\">\n\t\t\t\t<div class=\"elementor-widget-container\">\n\t\t\t\t\t\t\t\t\t<p>Das fr\u00f6hliche &#8222;Feurio&#8220;, welches man in den n\u00e4rrischen Tagen so oft in Vimbuch h\u00f6rt, ist zum Markenzeichen unserer Vimbucher Fasnacht geworden. Es dauerte immerhin bis zum Jahre <strong>1927<\/strong>, ehe sich in <strong>Vimbuch die Fasnachtsgeister regten<\/strong>. Die alten Vimbucher wussten zwar schon vorher vom Narrentreiben in Kappelrodeck und anderen Schwarzwaldt\u00e4lern, aber es bedurfte des Ansto\u00dfes eines Lehrers, die Fasnacht auch in Vimbuch einzuf\u00fchren. Dieser Lehrer von Mannheim kannte von dort eine der gr\u00f6\u00dften Mannheimer Fasnachtsgesellschaften, den &#8222;Mannheimer Feuerio&#8220;, und \u00fcbertrug diesen <strong>Namen<\/strong> auf Vimbuch. Da\u00df dieser Name nicht schlecht gew\u00e4hlt war, zeigte der gro\u00dfe Widerhall im ganzen Kreis B\u00fchl: &#8222;<strong>Feurio-Vimbi&#8220;<\/strong> wurde zum offiziellen Namen, dem gefl\u00fcgelten Wort, zum positiven Spitznamen f\u00fcr unser Dorf in der ganzen Umgebung.<\/p>\n<p>So begann&nbsp;<span style=\"font-family: var( --e-global-typography-text-font-family ), Sans-serif; font-weight: var( --e-global-typography-text-font-weight ); font-size: 1rem;\">im Januar<\/span><span style=\"font-family: var( --e-global-typography-text-font-family ), Sans-serif; font-weight: var( --e-global-typography-text-font-weight ); font-size: 1rem;\">&nbsp;<\/span><span style=\"font-family: var( --e-global-typography-text-font-family ), Sans-serif; font-size: 1rem; font-weight: bolder;\">1928<\/span><span style=\"font-style: inherit; font-weight: inherit; font-family: var( --e-global-typography-text-font-family ), Sans-serif;\">&nbsp;die <\/span><strong style=\"font-style: inherit; font-family: var( --e-global-typography-text-font-family ), Sans-serif;\">erste Fasnachtskampagne des Feurio-Vimbi<\/strong><span style=\"font-style: inherit; font-weight: inherit; font-family: var( --e-global-typography-text-font-family ), Sans-serif;\">. Schon damals wurde das n\u00e4rrische Vimbucher Volk von einem <\/span><strong style=\"font-style: inherit; font-family: var( --e-global-typography-text-font-family ), Sans-serif;\">Elferrat<\/strong><span style=\"font-style: inherit; font-weight: inherit; font-family: var( --e-global-typography-text-font-family ), Sans-serif;\"> befehligt, an dessen Spitze ein Pr\u00e4sident und sein Vize fungierten.<\/span><\/p>\n<p>Der <strong>n\u00e4rrische Dorfbott<\/strong>, <strong>auch heute noch Symbolfigur unserer Fasnacht<\/strong>, wurde damals geschaffen. Der Dorfbott verschafft sich traditionell zu Beginn der Sitzungen mit seiner Schell Geh\u00f6r und berichtet \u00fcber das Geschehen im Ort, teils witzig \u2013 teils spitz.<\/p>\n<p>So kam die <strong>erste Feurio-Sitzung in der Tullahalle 1977<\/strong> zustande. Ein Elferrat wurde 1979 aus den Vertretern der \u00f6rtlichen Vereine neu gegr\u00fcndet.<\/p>\n<p>Bereits 1980, drei Jahre nach dem Aufleben von Feurio-Vimbi, gab es bereits zwei Kappensitzungen, einen Hemglunkerles-Umzug und <strong>als Tanzgruppe<\/strong> wurde eine <strong>Funkengarde<\/strong> formiert. Ein Jahr sp\u00e4ter &#8211; als Nachwuchsgarde &#8211; die \u201eVimbi-Teens\u201c, welche sp\u00e4ter zur <strong>\u201eBlaue Garde\u201c<\/strong> wurde. Der Feurio-Veranstaltungskalender wurde <strong>1981<\/strong> wiederum erweitert: Es gab die <strong>erste Kinderparty<\/strong> \u2013 die heutige Kinderkappensitzung.<\/p>\n<p><strong>2023<\/strong> z\u00e4hlt Feurio-Vimbi e.V. <strong>\u00fcber&nbsp;60 aktive Mitglieder<\/strong>, die auf der B\u00fchne und auf Umz\u00fcgen stolz den Verein repr\u00e4sentieren.<\/p>\t\t\t\t\t\t\t\t<\/div>\n\t\t\t\t<\/div>\n\t\t\t\t\t<\/div>\n\t\t<\/div>\n\t\t\t\t\t<\/div>\n\t\t<\/section>\n\t\t\t\t<section class=\"elementor-section elementor-top-section elementor-element elementor-element-f5fe189 elementor-section-boxed elementor-section-height-default elementor-section-height-default\" data-id=\"f5fe189\" data-element_type=\"section\">\n\t\t\t\t\t\t<div class=\"elementor-container elementor-column-gap-default\">\n\t\t\t\t\t<div class=\"elementor-column elementor-col-33 elementor-top-column elementor-element elementor-element-0932709\" data-id=\"0932709\" data-element_type=\"column\">\n\t\t\t<div class=\"elementor-widget-wrap\">\n\t\t\t\t\t\t\t<\/div>\n\t\t<\/div>\n\t\t\t\t<div class=\"elementor-column elementor-col-33 elementor-top-column elementor-element elementor-element-f7300ca\" data-id=\"f7300ca\" data-element_type=\"column\">\n\t\t\t<div class=\"elementor-widget-wrap\">\n\t\t\t\t\t\t\t<\/div>\n\t\t<\/div>\n\t\t\t\t<div class=\"elementor-column elementor-col-33 elementor-top-column elementor-element elementor-element-276643e\" data-id=\"276643e\" data-element_type=\"column\">\n\t\t\t<div class=\"elementor-widget-wrap elementor-element-populated\">\n\t\t\t\t\t\t<div class=\"elementor-element elementor-element-791b91f elementor-align-left elementor-widget-mobile__width-inherit elementor-widget elementor-widget-button\" data-id=\"791b91f\" data-element_type=\"widget\" data-widget_type=\"button.default\">\n\t\t\t\t<div class=\"elementor-widget-container\">\n\t\t\t\t\t\t\t\t\t<div class=\"elementor-button-wrapper\">\n\t\t\t\t\t<a class=\"elementor-button elementor-button-link elementor-size-sm\" href=\"https:\/\/www.feurio-vimbi.de\/\">\n\t\t\t\t\t\t<span class=\"elementor-button-content-wrapper\">\n\t\t\t\t\t\t\t\t\t<span class=\"elementor-button-text\">zur Startseite<\/span>\n\t\t\t\t\t<\/span>\n\t\t\t\t\t<\/a>\n\t\t\t\t<\/div>\n\t\t\t\t\t\t\t\t<\/div>\n\t\t\t\t<\/div>\n\t\t\t\t<div class=\"elementor-element elementor-element-75af394 elementor-align-left elementor-widget-mobile__width-inherit elementor-widget elementor-widget-button\" data-id=\"75af394\" data-element_type=\"widget\" data-widget_type=\"button.default\">\n\t\t\t\t<div class=\"elementor-widget-container\">\n\t\t\t\t\t\t\t\t\t<div class=\"elementor-button-wrapper\">\n\t\t\t\t\t<a class=\"elementor-button elementor-button-link elementor-size-sm\" href=\"https:\/\/www.feurio-vimbi.de\/?page_id=247\">\n\t\t\t\t\t\t<span class=\"elementor-button-content-wrapper\">\n\t\t\t\t\t\t\t\t\t<span class=\"elementor-button-text\">zu den News<\/span>\n\t\t\t\t\t<\/span>\n\t\t\t\t\t<\/a>\n\t\t\t\t<\/div>\n\t\t\t\t\t\t\t\t<\/div>\n\t\t\t\t<\/div>\n\t\t\t\t<div class=\"elementor-element elementor-element-4282161 elementor-align-left elementor-widget-mobile__width-inherit elementor-widget elementor-widget-button\" data-id=\"4282161\" data-element_type=\"widget\" data-widget_type=\"button.default\">\n\t\t\t\t<div class=\"elementor-widget-container\">\n\t\t\t\t\t\t\t\t\t<div class=\"elementor-button-wrapper\">\n\t\t\t\t\t<a class=\"elementor-button elementor-button-link elementor-size-sm\" href=\"https:\/\/www.feurio-vimbi.de\/?page_id=423\">\n\t\t\t\t\t\t<span class=\"elementor-button-content-wrapper\">\n\t\t\t\t\t\t\t\t\t<span class=\"elementor-button-text\">zu den Gruppierungen<\/span>\n\t\t\t\t\t<\/span>\n\t\t\t\t\t<\/a>\n\t\t\t\t<\/div>\n\t\t\t\t\t\t\t\t<\/div>\n\t\t\t\t<\/div>\n\t\t\t\t\t<\/div>\n\t\t<\/div>\n\t\t\t\t\t<\/div>\n\t\t<\/section>\n\t\t\t\t<\/div>\n\t\t","protected":false},"excerpt":{"rendered":"<p>\u00dcBER DEN VEREIN Das fr\u00f6hliche &#8222;Feurio&#8220;, welches man in den n\u00e4rrischen Tagen so oft in Vimbuch h\u00f6rt, ist zum Markenzeichen unserer Vimbucher Fasnacht geworden. Es dauerte immerhin bis zum Jahre 1927, ehe sich in Vimbuch die Fasnachtsgeister regten. Die alten Vimbucher wussten zwar schon vorher vom Narrentreiben in Kappelrodeck und anderen Schwarzwaldt\u00e4lern, aber es bedurfte [&hellip;]<\/p>\n","protected":false},"author":2,"featured_media":0,"parent":77,"menu_order":0,"comment_status":"closed","ping_status":"closed","template":"","meta":{"site-sidebar-layout":"no-sidebar","site-content-layout":"","ast-site-content-layout":"full-width-container","site-content-style":"default","site-sidebar-style":"default","ast-global-header-display":"","ast-banner-title-visibility":"","ast-main-header-display":"","ast-hfb-above-header-display":"","ast-hfb-below-header-display":"","ast-hfb-mobile-header-display":"","site-post-title":"disabled","ast-breadcrumbs-content":"","ast-featured-img":"disabled","footer-sml-layout":"","ast-disable-related-posts":"","theme-transparent-header-meta":"","adv-header-id-meta":"","stick-header-meta":"","header-above-stick-meta":"","header-main-stick-meta":"","header-below-stick-meta":"","astra-migrate-meta-layouts":"default","ast-page-background-enabled":"default","ast-page-background-meta":{"desktop":{"background-color":"var(--ast-global-color-4)","background-image":"","background-repeat":"repeat","background-position":"center center","background-size":"auto","background-attachment":"scroll","background-type":"","background-media":"","overlay-type":"","overlay-color":"","overlay-opacity":"","overlay-gradient":""},"tablet":{"background-color":"","background-image":"","background-repeat":"repeat","background-position":"center center","background-size":"auto","background-attachment":"scroll","background-type":"","background-media":"","overlay-type":"","overlay-color":"","overlay-opacity":"","overlay-gradient":""},"mobile":{"background-color":"","background-image":"","background-repeat":"repeat","background-position":"center center","background-size":"auto","background-attachment":"scroll","background-type":"","background-media":"","overlay-type":"","overlay-color":"","overlay-opacity":"","overlay-gradient":""}},"ast-content-background-meta":{"desktop":{"background-color":"var(--ast-global-color-5)","background-image":"","background-repeat":"repeat","background-position":"center center","background-size":"auto","background-attachment":"scroll","background-type":"","background-media":"","overlay-type":"","overlay-color":"","overlay-opacity":"","overlay-gradient":""},"tablet":{"background-color":"var(--ast-global-color-5)","background-image":"","background-repeat":"repeat","background-position":"center center","background-size":"auto","background-attachment":"scroll","background-type":"","background-media":"","overlay-type":"","overlay-color":"","overlay-opacity":"","overlay-gradient":""},"mobile":{"background-color":"var(--ast-global-color-5)","background-image":"","background-repeat":"repeat","background-position":"center center","background-size":"auto","background-attachment":"scroll","background-type":"","background-media":"","overlay-type":"","overlay-color":"","overlay-opacity":"","overlay-gradient":""}},"footnotes":""},"class_list":["post-159","page","type-page","status-publish","hentry"],"_links":{"self":[{"href":"https:\/\/www.feurio-vimbi.de\/index.php?rest_route=\/wp\/v2\/pages\/159","targetHints":{"allow":["GET"]}}],"collection":[{"href":"https:\/\/www.feurio-vimbi.de\/index.php?rest_route=\/wp\/v2\/pages"}],"about":[{"href":"https:\/\/www.feurio-vimbi.de\/index.php?rest_route=\/wp\/v2\/types\/page"}],"author":[{"embeddable":true,"href":"https:\/\/www.feurio-vimbi.de\/index.php?rest_route=\/wp\/v2\/users\/2"}],"replies":[{"embeddable":true,"href":"https:\/\/www.feurio-vimbi.de\/index.php?rest_route=%2Fwp%2Fv2%2Fcomments&post=159"}],"version-history":[{"count":0,"href":"https:\/\/www.feurio-vimbi.de\/index.php?rest_route=\/wp\/v2\/pages\/159\/revisions"}],"up":[{"embeddable":true,"href":"https:\/\/www.feurio-vimbi.de\/index.php?rest_route=\/wp\/v2\/pages\/77"}],"wp:attachment":[{"href":"https:\/\/www.feurio-vimbi.de\/index.php?rest_route=%2Fwp%2Fv2%2Fmedia&parent=159"}],"curies":[{"name":"wp","href":"https:\/\/api.w.org\/{rel}","templated":true}]}}