{"id":423,"date":"2023-09-10T14:53:58","date_gmt":"2023-09-10T12:53:58","guid":{"rendered":"https:\/\/www.feurio-vimbi.de\/?page_id=423"},"modified":"2024-10-04T10:10:48","modified_gmt":"2024-10-04T08:10:48","slug":"gruppierungen","status":"publish","type":"page","link":"https:\/\/www.feurio-vimbi.de\/?page_id=423","title":{"rendered":"GRUPPIERUNGEN"},"content":{"rendered":"\t\t<div data-elementor-type=\"wp-page\" data-elementor-id=\"423\" class=\"elementor elementor-423\">\n\t\t\t\t\t\t<section class=\"elementor-section elementor-top-section elementor-element elementor-element-1721285 elementor-section-full_width elementor-section-height-default elementor-section-height-default\" data-id=\"1721285\" data-element_type=\"section\">\n\t\t\t\t\t\t<div class=\"elementor-container elementor-column-gap-default\">\n\t\t\t\t\t<div class=\"elementor-column elementor-col-100 elementor-top-column elementor-element elementor-element-73c3144\" data-id=\"73c3144\" data-element_type=\"column\">\n\t\t\t<div class=\"elementor-widget-wrap elementor-element-populated\">\n\t\t\t\t\t\t<div class=\"elementor-element elementor-element-34bf419 elementor-widget elementor-widget-spacer\" data-id=\"34bf419\" data-element_type=\"widget\" data-widget_type=\"spacer.default\">\n\t\t\t\t<div class=\"elementor-widget-container\">\n\t\t\t\t\t\t\t<div class=\"elementor-spacer\">\n\t\t\t<div class=\"elementor-spacer-inner\"><\/div>\n\t\t<\/div>\n\t\t\t\t\t\t<\/div>\n\t\t\t\t<\/div>\n\t\t\t\t\t<\/div>\n\t\t<\/div>\n\t\t\t\t\t<\/div>\n\t\t<\/section>\n\t\t\t\t<section class=\"elementor-section elementor-top-section elementor-element elementor-element-764e683 elementor-section-full_width elementor-section-height-default elementor-section-height-default\" data-id=\"764e683\" data-element_type=\"section\">\n\t\t\t\t\t\t<div class=\"elementor-container elementor-column-gap-default\">\n\t\t\t\t\t<div class=\"elementor-column elementor-col-100 elementor-top-column elementor-element elementor-element-9f24a96\" data-id=\"9f24a96\" data-element_type=\"column\">\n\t\t\t<div class=\"elementor-widget-wrap elementor-element-populated\">\n\t\t\t\t\t\t<div class=\"elementor-element elementor-element-92eda7c elementor-widget-mobile__width-initial elementor-widget elementor-widget-heading\" data-id=\"92eda7c\" data-element_type=\"widget\" data-widget_type=\"heading.default\">\n\t\t\t\t<div class=\"elementor-widget-container\">\n\t\t\t\t\t<h2 class=\"elementor-heading-title elementor-size-default\">Gruppierungen des Feurio-Vimbi e.V.<\/h2>\t\t\t\t<\/div>\n\t\t\t\t<\/div>\n\t\t\t\t<div class=\"elementor-element elementor-element-b41121d elementor-widget elementor-widget-spacer\" data-id=\"b41121d\" data-element_type=\"widget\" data-widget_type=\"spacer.default\">\n\t\t\t\t<div class=\"elementor-widget-container\">\n\t\t\t\t\t\t\t<div class=\"elementor-spacer\">\n\t\t\t<div class=\"elementor-spacer-inner\"><\/div>\n\t\t<\/div>\n\t\t\t\t\t\t<\/div>\n\t\t\t\t<\/div>\n\t\t\t\t\t<\/div>\n\t\t<\/div>\n\t\t\t\t\t<\/div>\n\t\t<\/section>\n\t\t\t\t<section class=\"elementor-section elementor-top-section elementor-element elementor-element-65382a8 elementor-section-boxed elementor-section-height-default elementor-section-height-default\" data-id=\"65382a8\" data-element_type=\"section\">\n\t\t\t\t\t\t<div class=\"elementor-container elementor-column-gap-default\">\n\t\t\t\t\t<div class=\"elementor-column elementor-col-33 elementor-top-column elementor-element elementor-element-22c7482\" data-id=\"22c7482\" data-element_type=\"column\">\n\t\t\t<div class=\"elementor-widget-wrap elementor-element-populated\">\n\t\t\t\t\t\t<div class=\"elementor-element elementor-element-79f7c42 elementor-widget elementor-widget-heading\" data-id=\"79f7c42\" data-element_type=\"widget\" data-widget_type=\"heading.default\">\n\t\t\t\t<div class=\"elementor-widget-container\">\n\t\t\t\t\t<h2 class=\"elementor-heading-title elementor-size-default\">Kids<\/h2>\t\t\t\t<\/div>\n\t\t\t\t<\/div>\n\t\t\t\t<div class=\"elementor-element elementor-element-4f712de elementor-widget elementor-widget-image\" data-id=\"4f712de\" data-element_type=\"widget\" data-widget_type=\"image.default\">\n\t\t\t\t<div class=\"elementor-widget-container\">\n\t\t\t\t\t\t\t\t\t\t\t\t\t\t\t<img fetchpriority=\"high\" decoding=\"async\" width=\"1024\" height=\"619\" src=\"https:\/\/www.feurio-vimbi.de\/wp-content\/uploads\/2023\/09\/Logo_VIMBI-Kids-1-1024x619.png\" class=\"attachment-large size-large wp-image-693\" alt=\"\" srcset=\"https:\/\/www.feurio-vimbi.de\/wp-content\/uploads\/2023\/09\/Logo_VIMBI-Kids-1-1024x619.png 1024w, https:\/\/www.feurio-vimbi.de\/wp-content\/uploads\/2023\/09\/Logo_VIMBI-Kids-1-300x181.png 300w, https:\/\/www.feurio-vimbi.de\/wp-content\/uploads\/2023\/09\/Logo_VIMBI-Kids-1-768x465.png 768w, https:\/\/www.feurio-vimbi.de\/wp-content\/uploads\/2023\/09\/Logo_VIMBI-Kids-1-1536x929.png 1536w, https:\/\/www.feurio-vimbi.de\/wp-content\/uploads\/2023\/09\/Logo_VIMBI-Kids-1-2048x1239.png 2048w\" sizes=\"(max-width: 1024px) 100vw, 1024px\" \/>\t\t\t\t\t\t\t\t\t\t\t\t\t\t\t<\/div>\n\t\t\t\t<\/div>\n\t\t\t\t<div class=\"elementor-element elementor-element-c00a02e elementor-widget elementor-widget-text-editor\" data-id=\"c00a02e\" data-element_type=\"widget\" data-widget_type=\"text-editor.default\">\n\t\t\t\t<div class=\"elementor-widget-container\">\n\t\t\t\t\t\t\t\t\t<p style=\"text-align: left;\"><span style=\"font-family: Arial, serif;\"><span lang=\"de-DE\">\u00a0<\/span><\/span><\/p><p>\u00a0<\/p><p style=\"text-align: left;\"><span style=\"font-family: Arial, serif;\"><span lang=\"de-DE\">\u00a0<\/span><\/span><span style=\"font-family: Arial, serif;\"><span lang=\"de-DE\">Die <\/span><\/span><span style=\"font-family: Arial, serif;\"><span lang=\"de-DE\"><b>\u201eVimbi Kids\u201c <\/b><\/span><\/span><span style=\"font-family: Arial, serif;\"><span lang=\"de-DE\">sind die J\u00fcngsten im Verein, zwischen 6 bis 12 Jahren. Sie trainieren <\/span><\/span><span style=\"font-family: Arial, serif;\"><span lang=\"de-DE\">ab September <\/span><\/span><span style=\"font-family: Arial, serif;\"><span lang=\"de-DE\">einmal w\u00f6chentlich f\u00fcr ihren Showtanz. Das Motto wechselt j\u00e4hrlich. <\/span><\/span><span style=\"font-family: Arial, serif;\"><span lang=\"de-DE\">Die Kids sind mit Feurio in B\u00fchl und Weitenung auf dem Umzug mit dabei.<\/span><\/span><\/p>\t\t\t\t\t\t\t\t<\/div>\n\t\t\t\t<\/div>\n\t\t\t\t\t<\/div>\n\t\t<\/div>\n\t\t\t\t<div class=\"elementor-column elementor-col-33 elementor-top-column elementor-element elementor-element-1750eb2\" data-id=\"1750eb2\" data-element_type=\"column\">\n\t\t\t<div class=\"elementor-widget-wrap elementor-element-populated\">\n\t\t\t\t\t\t<div class=\"elementor-element elementor-element-2749795 elementor-widget elementor-widget-heading\" data-id=\"2749795\" data-element_type=\"widget\" data-widget_type=\"heading.default\">\n\t\t\t\t<div class=\"elementor-widget-container\">\n\t\t\t\t\t<h2 class=\"elementor-heading-title elementor-size-default\">Girls<\/h2>\t\t\t\t<\/div>\n\t\t\t\t<\/div>\n\t\t\t\t<div class=\"elementor-element elementor-element-9303db5 elementor-widget elementor-widget-image\" data-id=\"9303db5\" data-element_type=\"widget\" data-widget_type=\"image.default\">\n\t\t\t\t<div class=\"elementor-widget-container\">\n\t\t\t\t\t\t\t\t\t\t\t\t\t\t\t<img decoding=\"async\" width=\"1024\" height=\"545\" src=\"https:\/\/www.feurio-vimbi.de\/wp-content\/uploads\/2023\/09\/Logo_FEURIO-Girls-1024x545.png\" class=\"attachment-large size-large wp-image-694\" alt=\"\" srcset=\"https:\/\/www.feurio-vimbi.de\/wp-content\/uploads\/2023\/09\/Logo_FEURIO-Girls-1024x545.png 1024w, https:\/\/www.feurio-vimbi.de\/wp-content\/uploads\/2023\/09\/Logo_FEURIO-Girls-300x160.png 300w, https:\/\/www.feurio-vimbi.de\/wp-content\/uploads\/2023\/09\/Logo_FEURIO-Girls-768x408.png 768w, https:\/\/www.feurio-vimbi.de\/wp-content\/uploads\/2023\/09\/Logo_FEURIO-Girls-1536x817.png 1536w, https:\/\/www.feurio-vimbi.de\/wp-content\/uploads\/2023\/09\/Logo_FEURIO-Girls-2048x1089.png 2048w\" sizes=\"(max-width: 1024px) 100vw, 1024px\" \/>\t\t\t\t\t\t\t\t\t\t\t\t\t\t\t<\/div>\n\t\t\t\t<\/div>\n\t\t\t\t<div class=\"elementor-element elementor-element-d1db3e9 elementor-widget__width-inherit elementor-widget elementor-widget-text-editor\" data-id=\"d1db3e9\" data-element_type=\"widget\" data-widget_type=\"text-editor.default\">\n\t\t\t\t<div class=\"elementor-widget-container\">\n\t\t\t\t\t\t\t\t\t<p><span style=\"font-family: Arial, serif;\"><span lang=\"de-DE\">\u00a0<\/span><\/span><\/p><p><span style=\"font-family: Arial, serif;\"><span lang=\"de-DE\">\u00a0<\/span><\/span><\/p><p><span style=\"font-family: Arial, serif;\"><span lang=\"de-DE\">Die <\/span><\/span><span style=\"font-family: Arial, serif;\"><span lang=\"de-DE\"><b>\u201eFeurio Girls\u201c <\/b><\/span><\/span><span style=\"font-family: Arial, serif;\"><span lang=\"de-DE\">sind zwischen 12 bis 16 Jahren und trainieren einmal w\u00f6chentlich f\u00fcr ihren Showtanz. Diesen pr\u00e4sentieren Sie an durchschnittlich 6 Auftritten pro Kampagne &#8211; das Motto wechselt ebenfalls j\u00e4hrlich. <\/span><\/span><span style=\"font-family: Arial, serif;\"><span lang=\"de-DE\">Die Girls sind mit Feurio auf 3 Umz\u00fcgen dabei.<\/span><\/span><\/p>\t\t\t\t\t\t\t\t<\/div>\n\t\t\t\t<\/div>\n\t\t\t\t\t<\/div>\n\t\t<\/div>\n\t\t\t\t<div class=\"elementor-column elementor-col-33 elementor-top-column elementor-element elementor-element-b97ff29\" data-id=\"b97ff29\" data-element_type=\"column\">\n\t\t\t<div class=\"elementor-widget-wrap elementor-element-populated\">\n\t\t\t\t\t\t<div class=\"elementor-element elementor-element-8d19897 elementor-widget elementor-widget-heading\" data-id=\"8d19897\" data-element_type=\"widget\" data-widget_type=\"heading.default\">\n\t\t\t\t<div class=\"elementor-widget-container\">\n\t\t\t\t\t<h2 class=\"elementor-heading-title elementor-size-default\">Blaue Garde<\/h2>\t\t\t\t<\/div>\n\t\t\t\t<\/div>\n\t\t\t\t<div class=\"elementor-element elementor-element-d52ebd7 elementor-widget elementor-widget-image\" data-id=\"d52ebd7\" data-element_type=\"widget\" data-widget_type=\"image.default\">\n\t\t\t\t<div class=\"elementor-widget-container\">\n\t\t\t\t\t\t\t\t\t\t\t\t\t\t\t<img decoding=\"async\" width=\"246\" height=\"300\" src=\"https:\/\/www.feurio-vimbi.de\/wp-content\/uploads\/2023\/11\/Vektor_blaue-Garde_angepasste-Groesse-1-246x300.png\" class=\"attachment-medium size-medium wp-image-934\" alt=\"\" srcset=\"https:\/\/www.feurio-vimbi.de\/wp-content\/uploads\/2023\/11\/Vektor_blaue-Garde_angepasste-Groesse-1-246x300.png 246w, https:\/\/www.feurio-vimbi.de\/wp-content\/uploads\/2023\/11\/Vektor_blaue-Garde_angepasste-Groesse-1-841x1024.png 841w, https:\/\/www.feurio-vimbi.de\/wp-content\/uploads\/2023\/11\/Vektor_blaue-Garde_angepasste-Groesse-1-768x935.png 768w, https:\/\/www.feurio-vimbi.de\/wp-content\/uploads\/2023\/11\/Vektor_blaue-Garde_angepasste-Groesse-1-1261x1536.png 1261w, https:\/\/www.feurio-vimbi.de\/wp-content\/uploads\/2023\/11\/Vektor_blaue-Garde_angepasste-Groesse-1.png 1596w\" sizes=\"(max-width: 246px) 100vw, 246px\" \/>\t\t\t\t\t\t\t\t\t\t\t\t\t\t\t<\/div>\n\t\t\t\t<\/div>\n\t\t\t\t<div class=\"elementor-element elementor-element-0f0125d elementor-widget elementor-widget-text-editor\" data-id=\"0f0125d\" data-element_type=\"widget\" data-widget_type=\"text-editor.default\">\n\t\t\t\t<div class=\"elementor-widget-container\">\n\t\t\t\t\t\t\t\t\t<p>Die \u201e<b>blaue Garde&#8220; <\/b>erkennt man an ihren h\u00fcbschen Gardekleidern in blau-wei\u00df. Ab 16 Jahren ist der Eintritt in die blaue Garde m\u00f6glich. Die Garde tanzt einen gemeinsamen Show- und Gardetanz. Der Kalender w\u00e4hrend der Kampagne ist dicht getaktet und enth\u00e4lt rund 20 Auftritte. Au\u00dferdem ist die blaue Garde mit dem Feurio an drei Umz\u00fcgen dabei.<span style=\"color: #000000;\">i<\/span><\/p>\t\t\t\t\t\t\t\t<\/div>\n\t\t\t\t<\/div>\n\t\t\t\t\t<\/div>\n\t\t<\/div>\n\t\t\t\t\t<\/div>\n\t\t<\/section>\n\t\t\t\t<section class=\"elementor-section elementor-top-section elementor-element elementor-element-bcc6c4d elementor-section-boxed elementor-section-height-default elementor-section-height-default\" data-id=\"bcc6c4d\" data-element_type=\"section\">\n\t\t\t\t\t\t<div class=\"elementor-container elementor-column-gap-default\">\n\t\t\t\t\t<div class=\"elementor-column elementor-col-33 elementor-top-column elementor-element elementor-element-35677f6\" data-id=\"35677f6\" data-element_type=\"column\">\n\t\t\t<div class=\"elementor-widget-wrap elementor-element-populated\">\n\t\t\t\t\t\t<div class=\"elementor-element elementor-element-e095647 elementor-widget elementor-widget-heading\" data-id=\"e095647\" data-element_type=\"widget\" data-widget_type=\"heading.default\">\n\t\t\t\t<div class=\"elementor-widget-container\">\n\t\t\t\t\t<h2 class=\"elementor-heading-title elementor-size-default\">Funkengarde<\/h2>\t\t\t\t<\/div>\n\t\t\t\t<\/div>\n\t\t\t\t<div class=\"elementor-element elementor-element-245bf7f elementor-widget elementor-widget-image\" data-id=\"245bf7f\" data-element_type=\"widget\" data-widget_type=\"image.default\">\n\t\t\t\t<div class=\"elementor-widget-container\">\n\t\t\t\t\t\t\t\t\t\t\t\t\t\t\t<img loading=\"lazy\" decoding=\"async\" width=\"246\" height=\"300\" src=\"https:\/\/www.feurio-vimbi.de\/wp-content\/uploads\/2023\/11\/Vektor_Rote-Garde-1-246x300.png\" class=\"attachment-medium size-medium wp-image-927\" alt=\"\" srcset=\"https:\/\/www.feurio-vimbi.de\/wp-content\/uploads\/2023\/11\/Vektor_Rote-Garde-1-246x300.png 246w, https:\/\/www.feurio-vimbi.de\/wp-content\/uploads\/2023\/11\/Vektor_Rote-Garde-1-841x1024.png 841w, https:\/\/www.feurio-vimbi.de\/wp-content\/uploads\/2023\/11\/Vektor_Rote-Garde-1-768x935.png 768w, https:\/\/www.feurio-vimbi.de\/wp-content\/uploads\/2023\/11\/Vektor_Rote-Garde-1-1261x1536.png 1261w, https:\/\/www.feurio-vimbi.de\/wp-content\/uploads\/2023\/11\/Vektor_Rote-Garde-1.png 1596w\" sizes=\"(max-width: 246px) 100vw, 246px\" \/>\t\t\t\t\t\t\t\t\t\t\t\t\t\t\t<\/div>\n\t\t\t\t<\/div>\n\t\t\t\t<div class=\"elementor-element elementor-element-51626e1 elementor-widget elementor-widget-text-editor\" data-id=\"51626e1\" data-element_type=\"widget\" data-widget_type=\"text-editor.default\">\n\t\t\t\t<div class=\"elementor-widget-container\">\n\t\t\t\t\t\t\t\t\t<p><span style=\"font-family: Arial, serif;\"><span lang=\"de-DE\">Die <\/span><\/span><span style=\"font-family: Arial, serif;\"><span lang=\"de-DE\"><b>\u201e<\/b><\/span><\/span><span style=\"font-family: Arial, serif;\"><span lang=\"de-DE\"><b>Funkengarde<\/b><\/span><\/span><span style=\"font-family: Arial, serif;\"><span lang=\"de-DE\"><b>\u201c <\/b><\/span><\/span><span style=\"font-family: Arial, serif;\"><span lang=\"de-DE\">tr\u00e4gt ebenfalls ein h\u00fcbsches Gardekleid in rot-wei\u00df. In die Funkengarde kommt man ab 18 Jahren.\u00a0<\/span><\/span><span style=\"font-style: inherit; font-weight: inherit; color: var( --e-global-color-text ); font-family: Arial, serif;\"><span lang=\"de-DE\">Die Garde tanzt einen gemeinsamen Show- und Gardetanz.\u00a0<\/span><\/span><span style=\"font-style: inherit; font-weight: inherit; color: var( --e-global-color-text ); font-family: Arial, serif;\"><span lang=\"de-DE\">Der Kalender w\u00e4hrend der Kampagne ist dicht getaktet und enth\u00e4lt rund 20<\/span><\/span><span style=\"font-style: inherit; font-weight: inherit; color: var( --e-global-color-text ); font-family: Arial, serif;\"><span lang=\"de-DE\"> Auftritte.\u00a0<\/span><\/span>Au\u00dferdem ist die Funkengarde mit dem Feurio an drei Umz\u00fcgen dabei.<span style=\"color: #000000;\">i<\/span><\/p>\t\t\t\t\t\t\t\t<\/div>\n\t\t\t\t<\/div>\n\t\t\t\t\t<\/div>\n\t\t<\/div>\n\t\t\t\t<div class=\"elementor-column elementor-col-33 elementor-top-column elementor-element elementor-element-ef6323e\" data-id=\"ef6323e\" data-element_type=\"column\">\n\t\t\t<div class=\"elementor-widget-wrap elementor-element-populated\">\n\t\t\t\t\t\t<div class=\"elementor-element elementor-element-85e3bd6 elementor-widget elementor-widget-heading\" data-id=\"85e3bd6\" data-element_type=\"widget\" data-widget_type=\"heading.default\">\n\t\t\t\t<div class=\"elementor-widget-container\">\n\t\t\t\t\t<h2 class=\"elementor-heading-title elementor-size-default\"><span style=\"font-family: Arial, serif\"><span lang=\"de-DE\"><b>Feurio Ph\u00f6nix <\/b><\/span><\/span><\/h2>\t\t\t\t<\/div>\n\t\t\t\t<\/div>\n\t\t\t\t<div class=\"elementor-element elementor-element-9b53d96 elementor-widget elementor-widget-image\" data-id=\"9b53d96\" data-element_type=\"widget\" data-widget_type=\"image.default\">\n\t\t\t\t<div class=\"elementor-widget-container\">\n\t\t\t\t\t\t\t\t\t\t\t\t\t\t\t<img loading=\"lazy\" decoding=\"async\" width=\"1024\" height=\"724\" src=\"https:\/\/www.feurio-vimbi.de\/wp-content\/uploads\/2024\/10\/phoenix_logo_2_kurven_MASTER_Bini_mittel-4-1024x724.jpg\" class=\"attachment-large size-large wp-image-1457\" alt=\"\" srcset=\"https:\/\/www.feurio-vimbi.de\/wp-content\/uploads\/2024\/10\/phoenix_logo_2_kurven_MASTER_Bini_mittel-4-1024x724.jpg 1024w, https:\/\/www.feurio-vimbi.de\/wp-content\/uploads\/2024\/10\/phoenix_logo_2_kurven_MASTER_Bini_mittel-4-300x212.jpg 300w, https:\/\/www.feurio-vimbi.de\/wp-content\/uploads\/2024\/10\/phoenix_logo_2_kurven_MASTER_Bini_mittel-4-768x543.jpg 768w, https:\/\/www.feurio-vimbi.de\/wp-content\/uploads\/2024\/10\/phoenix_logo_2_kurven_MASTER_Bini_mittel-4-1536x1086.jpg 1536w, https:\/\/www.feurio-vimbi.de\/wp-content\/uploads\/2024\/10\/phoenix_logo_2_kurven_MASTER_Bini_mittel-4-2048x1448.jpg 2048w\" sizes=\"(max-width: 1024px) 100vw, 1024px\" \/>\t\t\t\t\t\t\t\t\t\t\t\t\t\t\t<\/div>\n\t\t\t\t<\/div>\n\t\t\t\t<div class=\"elementor-element elementor-element-e532256 elementor-widget elementor-widget-text-editor\" data-id=\"e532256\" data-element_type=\"widget\" data-widget_type=\"text-editor.default\">\n\t\t\t\t<div class=\"elementor-widget-container\">\n\t\t\t\t\t\t\t\t\t<p><span style=\"font-family: Arial, serif;\"><span lang=\"de-DE\"><b>&nbsp;<\/b><\/span><\/span><span style=\"font-style: inherit; font-weight: inherit; font-family: Arial, serif;\"><span lang=\"de-DE\"><b>NEU: Ab 202<\/b><\/span><\/span><span style=\"font-style: inherit; font-weight: inherit; font-family: Arial, serif;\"><span lang=\"de-DE\"><b>5<\/b><\/span><\/span><span style=\"font-style: inherit; font-weight: inherit; font-family: Arial, serif;\"><span lang=\"de-DE\"> wird es die neue Untergruppe <\/span><\/span><span style=\"font-style: inherit; font-weight: inherit; font-family: Arial, serif;\"><span lang=\"de-DE\"><b>\u201eFeurio Ph\u00f6nix\u201c <\/b><\/span><\/span><span style=\"font-style: inherit; font-weight: inherit; font-family: Arial, serif;\"><span lang=\"de-DE\">geben. Diese ist derzeit in der Entstehungsphase und f\u00fcr die ganze Familie geeignet. <\/span><\/span><span style=\"font-style: inherit; font-weight: inherit; font-family: Arial, serif;\"><span lang=\"de-DE\">Getreu dem Motto \u201ew<\/span><\/span><span style=\"font-style: inherit; font-weight: inherit; font-family: Arial, serif;\"><span lang=\"de-DE\">ie Ph\u00f6nix aus der Asche\u201c <\/span><\/span><span style=\"font-style: inherit; font-weight: inherit; font-family: Arial, serif;\"><span lang=\"de-DE\">ist es das <\/span><\/span><span style=\"font-style: inherit; font-weight: inherit; font-family: Arial, serif;\"><span lang=\"de-DE\">Ziel, alle Feurioaner auch nach ihrer \u201eoffiziellen Karriere\u201c noch im Verein zu halten und auch f\u00fcr alle anderen Fasnachtsfans eine tolle Gruppe zu bieten. <\/span><\/span><span style=\"font-style: inherit; font-weight: inherit; font-family: Arial, serif;\"><span lang=\"de-DE\">Feurio\u2019s<\/span><\/span><span style=\"font-style: inherit; font-weight: inherit; font-family: Arial, serif;\"><span lang=\"de-DE\"> \u201eFeuerv\u00f6gel\u201c wird man an ihre<\/span><\/span><span style=\"font-style: inherit; font-weight: inherit; font-family: Arial, serif;\"><span lang=\"de-DE\">m schwarzen Outfit kombiniert mit<\/span><\/span><span style=\"font-style: inherit; font-weight: inherit; font-family: Arial, serif;\"><span lang=\"de-DE\"> roten Federn erkennen. Das Kost\u00fcm ist <\/span><\/span><span style=\"font-style: inherit; font-weight: inherit; font-family: Arial, serif;\"><span lang=\"de-DE\">sehr<\/span><\/span><span style=\"font-style: inherit; font-weight: inherit; font-family: Arial, serif;\"><span lang=\"de-DE\"> flexibel, sodass ein einheitliches Erscheinungsbild gew\u00e4hrleistet ist und dennoch<\/span><\/span><span style=\"font-style: inherit; font-weight: inherit; font-family: Arial, serif;\"><span lang=\"de-DE\">&nbsp;<\/span><\/span><span style=\"font-style: inherit; font-weight: inherit; font-family: Arial, serif;\"><span lang=\"de-DE\">keine gro\u00dfen Unkosten entstehen.&nbsp; Ab 2025 wird die Gruppe erstmals sich der \u00d6ffentlichkeit pr\u00e4sentieren. Werde auch du Teil der Gruppe und m<\/span><\/span><span style=\"font-style: inherit; font-weight: inherit; font-family: Arial, serif;\">elde dich bei phoenix@feurio-vimbi.de<\/span><\/p>\t\t\t\t\t\t\t\t<\/div>\n\t\t\t\t<\/div>\n\t\t\t\t\t<\/div>\n\t\t<\/div>\n\t\t\t\t<div class=\"elementor-column elementor-col-33 elementor-top-column elementor-element elementor-element-7502985\" data-id=\"7502985\" data-element_type=\"column\">\n\t\t\t<div class=\"elementor-widget-wrap elementor-element-populated\">\n\t\t\t\t\t\t<div class=\"elementor-element elementor-element-339578a elementor-widget elementor-widget-heading\" data-id=\"339578a\" data-element_type=\"widget\" data-widget_type=\"heading.default\">\n\t\t\t\t<div class=\"elementor-widget-container\">\n\t\t\t\t\t<h2 class=\"elementor-heading-title elementor-size-default\">Elferrat<\/h2>\t\t\t\t<\/div>\n\t\t\t\t<\/div>\n\t\t\t\t<div class=\"elementor-element elementor-element-e7e2946 elementor-widget elementor-widget-image\" data-id=\"e7e2946\" data-element_type=\"widget\" data-widget_type=\"image.default\">\n\t\t\t\t<div class=\"elementor-widget-container\">\n\t\t\t\t\t\t\t\t\t\t\t\t\t\t\t<img loading=\"lazy\" decoding=\"async\" width=\"246\" height=\"300\" src=\"https:\/\/www.feurio-vimbi.de\/wp-content\/uploads\/2023\/11\/Vektor_Elferrat_angepasste-Groesse-246x300.png\" class=\"attachment-medium size-medium wp-image-926\" alt=\"\" srcset=\"https:\/\/www.feurio-vimbi.de\/wp-content\/uploads\/2023\/11\/Vektor_Elferrat_angepasste-Groesse-246x300.png 246w, https:\/\/www.feurio-vimbi.de\/wp-content\/uploads\/2023\/11\/Vektor_Elferrat_angepasste-Groesse-841x1024.png 841w, https:\/\/www.feurio-vimbi.de\/wp-content\/uploads\/2023\/11\/Vektor_Elferrat_angepasste-Groesse-768x935.png 768w, https:\/\/www.feurio-vimbi.de\/wp-content\/uploads\/2023\/11\/Vektor_Elferrat_angepasste-Groesse-1261x1536.png 1261w, https:\/\/www.feurio-vimbi.de\/wp-content\/uploads\/2023\/11\/Vektor_Elferrat_angepasste-Groesse.png 1596w\" sizes=\"(max-width: 246px) 100vw, 246px\" \/>\t\t\t\t\t\t\t\t\t\t\t\t\t\t\t<\/div>\n\t\t\t\t<\/div>\n\t\t\t\t<div class=\"elementor-element elementor-element-d45e00a elementor-widget elementor-widget-text-editor\" data-id=\"d45e00a\" data-element_type=\"widget\" data-widget_type=\"text-editor.default\">\n\t\t\t\t<div class=\"elementor-widget-container\">\n\t\t\t\t\t\t\t\t\t<p><span lang=\"de-DE\">Der\u00a0<\/span><span lang=\"de-DE\"><b>\u201eElferrat\u201c\u00a0<\/b><\/span><span lang=\"de-DE\">ist der symbolische Oberrat des Vereins und er besteht aus mehr als elf Personen. Denn i<\/span><span lang=\"de-DE\">m Mittelalter stand die Zahl Elf f\u00fcr Jux und Narretei. Es ist eine Schnapszahl, eine Narrenzahl, wie man damals gesagt h\u00e4tte. Gefestigt hat sich die Zahl, seitdem sich zu Beginn des 19. Jahrhunderts der sogenannte &#8222;Elfer-Rat&#8220; etablierte, der bis heute die Organisationskomitees in den verschiedenen Karnevalsvereinen bildet. &#8211;\u00a0<\/span><span lang=\"de-DE\">So auch bei Feurio. Bei den Kappensitzungen gibt es h\u00e4ufig einen\u00a0<\/span><span lang=\"de-DE\">Elferratsbeitrag\u00a0<\/span><span lang=\"de-DE\">und im Hintergrund wird stets flei\u00dfig organisiert und gebaut.<\/span><\/p>\t\t\t\t\t\t\t\t<\/div>\n\t\t\t\t<\/div>\n\t\t\t\t\t<\/div>\n\t\t<\/div>\n\t\t\t\t\t<\/div>\n\t\t<\/section>\n\t\t\t\t<\/div>\n\t\t","protected":false},"excerpt":{"rendered":"<p>Gruppierungen des Feurio-Vimbi e.V. Kids \u00a0 \u00a0 \u00a0Die \u201eVimbi Kids\u201c sind die J\u00fcngsten im Verein, zwischen 6 bis 12 Jahren. Sie trainieren ab September einmal w\u00f6chentlich f\u00fcr ihren Showtanz. Das Motto wechselt j\u00e4hrlich. Die Kids sind mit Feurio in B\u00fchl und Weitenung auf dem Umzug mit dabei. Girls \u00a0 \u00a0 Die \u201eFeurio Girls\u201c sind zwischen [&hellip;]<\/p>\n","protected":false},"author":4,"featured_media":0,"parent":0,"menu_order":0,"comment_status":"closed","ping_status":"closed","template":"","meta":{"site-sidebar-layout":"no-sidebar","site-content-layout":"","ast-site-content-layout":"full-width-container","site-content-style":"default","site-sidebar-style":"default","ast-global-header-display":"","ast-banner-title-visibility":"","ast-main-header-display":"","ast-hfb-above-header-display":"","ast-hfb-below-header-display":"","ast-hfb-mobile-header-display":"","site-post-title":"disabled","ast-breadcrumbs-content":"","ast-featured-img":"disabled","footer-sml-layout":"","ast-disable-related-posts":"","theme-transparent-header-meta":"","adv-header-id-meta":"","stick-header-meta":"","header-above-stick-meta":"","header-main-stick-meta":"","header-below-stick-meta":"","astra-migrate-meta-layouts":"default","ast-page-background-enabled":"default","ast-page-background-meta":{"desktop":{"background-color":"var(--ast-global-color-4)","background-image":"","background-repeat":"repeat","background-position":"center center","background-size":"auto","background-attachment":"scroll","background-type":"","background-media":"","overlay-type":"","overlay-color":"","overlay-opacity":"","overlay-gradient":""},"tablet":{"background-color":"","background-image":"","background-repeat":"repeat","background-position":"center center","background-size":"auto","background-attachment":"scroll","background-type":"","background-media":"","overlay-type":"","overlay-color":"","overlay-opacity":"","overlay-gradient":""},"mobile":{"background-color":"","background-image":"","background-repeat":"repeat","background-position":"center center","background-size":"auto","background-attachment":"scroll","background-type":"","background-media":"","overlay-type":"","overlay-color":"","overlay-opacity":"","overlay-gradient":""}},"ast-content-background-meta":{"desktop":{"background-color":"var(--ast-global-color-5)","background-image":"","background-repeat":"repeat","background-position":"center center","background-size":"auto","background-attachment":"scroll","background-type":"","background-media":"","overlay-type":"","overlay-color":"","overlay-opacity":"","overlay-gradient":""},"tablet":{"background-color":"var(--ast-global-color-5)","background-image":"","background-repeat":"repeat","background-position":"center center","background-size":"auto","background-attachment":"scroll","background-type":"","background-media":"","overlay-type":"","overlay-color":"","overlay-opacity":"","overlay-gradient":""},"mobile":{"background-color":"var(--ast-global-color-5)","background-image":"","background-repeat":"repeat","background-position":"center center","background-size":"auto","background-attachment":"scroll","background-type":"","background-media":"","overlay-type":"","overlay-color":"","overlay-opacity":"","overlay-gradient":""}},"footnotes":""},"class_list":["post-423","page","type-page","status-publish","hentry"],"_links":{"self":[{"href":"https:\/\/www.feurio-vimbi.de\/index.php?rest_route=\/wp\/v2\/pages\/423","targetHints":{"allow":["GET"]}}],"collection":[{"href":"https:\/\/www.feurio-vimbi.de\/index.php?rest_route=\/wp\/v2\/pages"}],"about":[{"href":"https:\/\/www.feurio-vimbi.de\/index.php?rest_route=\/wp\/v2\/types\/page"}],"author":[{"embeddable":true,"href":"https:\/\/www.feurio-vimbi.de\/index.php?rest_route=\/wp\/v2\/users\/4"}],"replies":[{"embeddable":true,"href":"https:\/\/www.feurio-vimbi.de\/index.php?rest_route=%2Fwp%2Fv2%2Fcomments&post=423"}],"version-history":[{"count":39,"href":"https:\/\/www.feurio-vimbi.de\/index.php?rest_route=\/wp\/v2\/pages\/423\/revisions"}],"predecessor-version":[{"id":1463,"href":"https:\/\/www.feurio-vimbi.de\/index.php?rest_route=\/wp\/v2\/pages\/423\/revisions\/1463"}],"wp:attachment":[{"href":"https:\/\/www.feurio-vimbi.de\/index.php?rest_route=%2Fwp%2Fv2%2Fmedia&parent=423"}],"curies":[{"name":"wp","href":"https:\/\/api.w.org\/{rel}","templated":true}]}}